{"id":243,"date":"2023-07-09T16:13:15","date_gmt":"2023-07-09T19:13:15","guid":{"rendered":"https:\/\/iesti.com.br\/home\/?page_id=243"},"modified":"2026-03-03T15:12:16","modified_gmt":"2026-03-03T18:12:16","slug":"noticias","status":"publish","type":"page","link":"https:\/\/iesti.com.br\/home\/noticias\/","title":{"rendered":"NOT\u00cdCIAS"},"content":{"rendered":"\t\t<div data-elementor-type=\"wp-page\" data-elementor-id=\"243\" class=\"elementor elementor-243\" data-elementor-post-type=\"page\">\n\t\t\t\t<div class=\"elementor-element elementor-element-9d819ae e-con-full e-flex wpr-particle-no wpr-jarallax-no wpr-parallax-no wpr-sticky-section-no e-con e-parent\" data-id=\"9d819ae\" data-element_type=\"container\" data-settings=\"{&quot;background_background&quot;:&quot;classic&quot;}\">\n\t\t\t\t<div class=\"elementor-element elementor-element-6f1334e elementor-widget-mobile__width-initial elementor-widget elementor-widget-image\" data-id=\"6f1334e\" data-element_type=\"widget\" data-widget_type=\"image.default\">\n\t\t\t\t<div class=\"elementor-widget-container\">\n\t\t\t\t\t\t\t\t\t\t\t\t\t\t\t\t<a href=\"https:\/\/iesti.com.br\/home\">\n\t\t\t\t\t\t\t<img fetchpriority=\"high\" decoding=\"async\" width=\"300\" height=\"169\" src=\"https:\/\/iesti.com.br\/wp-content\/uploads\/2023\/08\/Untitled-design-6-2-300x169.png\" class=\"attachment-medium size-medium wp-image-512\" alt=\"\" srcset=\"https:\/\/iesti.com.br\/wp-content\/uploads\/2023\/08\/Untitled-design-6-2-300x169.png 300w, https:\/\/iesti.com.br\/wp-content\/uploads\/2023\/08\/Untitled-design-6-2-1024x576.png 1024w, https:\/\/iesti.com.br\/wp-content\/uploads\/2023\/08\/Untitled-design-6-2-768x432.png 768w, https:\/\/iesti.com.br\/wp-content\/uploads\/2023\/08\/Untitled-design-6-2-1536x864.png 1536w, https:\/\/iesti.com.br\/wp-content\/uploads\/2023\/08\/Untitled-design-6-2-2048x1152.png 2048w, https:\/\/iesti.com.br\/wp-content\/uploads\/2023\/08\/Untitled-design-6-2-1320x743.png 1320w\" sizes=\"(max-width: 300px) 100vw, 300px\" \/>\t\t\t\t\t\t\t\t<\/a>\n\t\t\t\t\t\t\t\t\t\t\t\t\t\t\t<\/div>\n\t\t\t\t<\/div>\n\t\t\t\t<div class=\"elementor-element elementor-element-23ec8da elementor-nav-menu__align-center elementor-nav-menu--stretch elementor-nav-menu__text-align-center elementor-widget__width-initial elementor-nav-menu--dropdown-tablet elementor-nav-menu--toggle elementor-nav-menu--burger elementor-widget elementor-widget-nav-menu\" data-id=\"23ec8da\" data-element_type=\"widget\" data-settings=\"{&quot;full_width&quot;:&quot;stretch&quot;,&quot;layout&quot;:&quot;horizontal&quot;,&quot;submenu_icon&quot;:{&quot;value&quot;:&quot;&lt;i class=\\&quot;fas fa-caret-down\\&quot;&gt;&lt;\\\/i&gt;&quot;,&quot;library&quot;:&quot;fa-solid&quot;},&quot;toggle&quot;:&quot;burger&quot;}\" data-widget_type=\"nav-menu.default\">\n\t\t\t\t<div class=\"elementor-widget-container\">\n\t\t\t\t\t\t\t\t<nav aria-label=\"Menu\" class=\"elementor-nav-menu--main elementor-nav-menu__container elementor-nav-menu--layout-horizontal e--pointer-underline e--animation-fade\">\n\t\t\t\t<ul id=\"menu-1-23ec8da\" class=\"elementor-nav-menu\"><li class=\"menu-item menu-item-type-post_type menu-item-object-page menu-item-home menu-item-719\"><a href=\"https:\/\/iesti.com.br\/home\/\" class=\"elementor-item\"><i class=\"icon before line-icon icon-home\" aria-hidden=\"true\"><\/i><span class=\"menu-text\">HOME<\/span><\/a><\/li>\n<li class=\"menu-item menu-item-type-post_type menu-item-object-page menu-item-529\"><a href=\"https:\/\/iesti.com.br\/home\/sobre\/\" class=\"elementor-item\">SOBRE<\/a><\/li>\n<li class=\"menu-item menu-item-type-post_type menu-item-object-page menu-item-has-children menu-item-159\"><a href=\"https:\/\/iesti.com.br\/home\/pagina-projetos\/\" class=\"elementor-item\">PROJETOS<\/a>\n<ul class=\"sub-menu elementor-nav-menu--dropdown\">\n\t<li class=\"menu-item menu-item-type-post_type menu-item-object-page menu-item-1443\"><a href=\"https:\/\/iesti.com.br\/home\/projeto-canhoteiro-3\/\" class=\"elementor-sub-item\">Projeto Canhoteiro<\/a><\/li>\n\t<li class=\"menu-item menu-item-type-post_type menu-item-object-page menu-item-948\"><a href=\"https:\/\/iesti.com.br\/home\/projeto-patrimonioemrede\/\" class=\"elementor-sub-item\">Projeto Patrim\u00f4nio em Rede<\/a><\/li>\n\t<li class=\"menu-item menu-item-type-post_type menu-item-object-page menu-item-1412\"><a href=\"https:\/\/iesti.com.br\/home\/projeto-bem-viver-na-vila-60-2\/\" class=\"elementor-sub-item\">Projeto Bem Viver na Vila 60+<\/a><\/li>\n<\/ul>\n<\/li>\n<li class=\"menu-item menu-item-type-post_type menu-item-object-page menu-item-157\"><a href=\"https:\/\/iesti.com.br\/home\/cursos\/\" class=\"elementor-item\">CURSOS<\/a><\/li>\n<li class=\"menu-item menu-item-type-post_type menu-item-object-page menu-item-245\"><a href=\"https:\/\/iesti.com.br\/home\/noticias\/\" class=\"elementor-item\">NOT\u00cdCIAS<\/a><\/li>\n<li class=\"menu-item menu-item-type-post_type menu-item-object-page menu-item-1483\"><a href=\"https:\/\/iesti.com.br\/home\/transparencia\/\" class=\"elementor-item\">TRANSPAR\u00caNCIA<\/a><\/li>\n<\/ul>\t\t\t<\/nav>\n\t\t\t\t\t<div class=\"elementor-menu-toggle\" role=\"button\" tabindex=\"0\" aria-label=\"Menu Toggle\" aria-expanded=\"false\">\n\t\t\t<i aria-hidden=\"true\" role=\"presentation\" class=\"elementor-menu-toggle__icon--open eicon-menu-bar\"><\/i><i aria-hidden=\"true\" role=\"presentation\" class=\"elementor-menu-toggle__icon--close eicon-close\"><\/i>\t\t<\/div>\n\t\t\t\t\t<nav class=\"elementor-nav-menu--dropdown elementor-nav-menu__container\" aria-hidden=\"true\">\n\t\t\t\t<ul id=\"menu-2-23ec8da\" class=\"elementor-nav-menu\"><li class=\"menu-item menu-item-type-post_type menu-item-object-page menu-item-home menu-item-719\"><a href=\"https:\/\/iesti.com.br\/home\/\" class=\"elementor-item\" tabindex=\"-1\"><i class=\"icon before line-icon icon-home\" aria-hidden=\"true\"><\/i><span class=\"menu-text\">HOME<\/span><\/a><\/li>\n<li class=\"menu-item menu-item-type-post_type menu-item-object-page menu-item-529\"><a href=\"https:\/\/iesti.com.br\/home\/sobre\/\" class=\"elementor-item\" tabindex=\"-1\">SOBRE<\/a><\/li>\n<li class=\"menu-item menu-item-type-post_type menu-item-object-page menu-item-has-children menu-item-159\"><a href=\"https:\/\/iesti.com.br\/home\/pagina-projetos\/\" class=\"elementor-item\" tabindex=\"-1\">PROJETOS<\/a>\n<ul class=\"sub-menu elementor-nav-menu--dropdown\">\n\t<li class=\"menu-item menu-item-type-post_type menu-item-object-page menu-item-1443\"><a href=\"https:\/\/iesti.com.br\/home\/projeto-canhoteiro-3\/\" class=\"elementor-sub-item\" tabindex=\"-1\">Projeto Canhoteiro<\/a><\/li>\n\t<li class=\"menu-item menu-item-type-post_type menu-item-object-page menu-item-948\"><a href=\"https:\/\/iesti.com.br\/home\/projeto-patrimonioemrede\/\" class=\"elementor-sub-item\" tabindex=\"-1\">Projeto Patrim\u00f4nio em Rede<\/a><\/li>\n\t<li class=\"menu-item menu-item-type-post_type menu-item-object-page menu-item-1412\"><a href=\"https:\/\/iesti.com.br\/home\/projeto-bem-viver-na-vila-60-2\/\" class=\"elementor-sub-item\" tabindex=\"-1\">Projeto Bem Viver na Vila 60+<\/a><\/li>\n<\/ul>\n<\/li>\n<li class=\"menu-item menu-item-type-post_type menu-item-object-page menu-item-157\"><a href=\"https:\/\/iesti.com.br\/home\/cursos\/\" class=\"elementor-item\" tabindex=\"-1\">CURSOS<\/a><\/li>\n<li class=\"menu-item menu-item-type-post_type menu-item-object-page menu-item-245\"><a href=\"https:\/\/iesti.com.br\/home\/noticias\/\" class=\"elementor-item\" tabindex=\"-1\">NOT\u00cdCIAS<\/a><\/li>\n<li class=\"menu-item menu-item-type-post_type menu-item-object-page menu-item-1483\"><a href=\"https:\/\/iesti.com.br\/home\/transparencia\/\" class=\"elementor-item\" tabindex=\"-1\">TRANSPAR\u00caNCIA<\/a><\/li>\n<\/ul>\t\t\t<\/nav>\n\t\t\t\t\t\t<\/div>\n\t\t\t\t<\/div>\n\t\t\t\t<div class=\"elementor-element elementor-element-2961638 e-grid-align-left e-grid-align-tablet-left e-grid-align-mobile-center elementor-shape-rounded elementor-grid-0 elementor-widget elementor-widget-social-icons\" data-id=\"2961638\" data-element_type=\"widget\" data-widget_type=\"social-icons.default\">\n\t\t\t\t<div class=\"elementor-widget-container\">\n\t\t\t\t\t\t\t<div class=\"elementor-social-icons-wrapper elementor-grid\" role=\"list\">\n\t\t\t\t\t\t\t<span class=\"elementor-grid-item\" role=\"listitem\">\n\t\t\t\t\t<a class=\"elementor-icon elementor-social-icon elementor-social-icon-facebook-f elementor-repeater-item-fac13cb\" href=\"https:\/\/www.facebook.com\/iesti.ma\/\" target=\"_blank\">\n\t\t\t\t\t\t<span class=\"elementor-screen-only\">Facebook-f<\/span>\n\t\t\t\t\t\t<i class=\"fab fa-facebook-f\"><\/i>\t\t\t\t\t<\/a>\n\t\t\t\t<\/span>\n\t\t\t\t\t\t\t<span class=\"elementor-grid-item\" role=\"listitem\">\n\t\t\t\t\t<a class=\"elementor-icon elementor-social-icon elementor-social-icon-whatsapp elementor-repeater-item-2b24867\" target=\"_blank\">\n\t\t\t\t\t\t<span class=\"elementor-screen-only\">Whatsapp<\/span>\n\t\t\t\t\t\t<i class=\"fab fa-whatsapp\"><\/i>\t\t\t\t\t<\/a>\n\t\t\t\t<\/span>\n\t\t\t\t\t\t\t<span class=\"elementor-grid-item\" role=\"listitem\">\n\t\t\t\t\t<a class=\"elementor-icon elementor-social-icon elementor-social-icon-instagram elementor-repeater-item-467570f\" href=\"https:\/\/www.instagram.com\/iestiprojetos\/\" target=\"_blank\">\n\t\t\t\t\t\t<span class=\"elementor-screen-only\">Instagram<\/span>\n\t\t\t\t\t\t<i class=\"fab fa-instagram\"><\/i>\t\t\t\t\t<\/a>\n\t\t\t\t<\/span>\n\t\t\t\t\t<\/div>\n\t\t\t\t\t\t<\/div>\n\t\t\t\t<\/div>\n\t\t\t\t<\/div>\n\t\t\t\t<section class=\"elementor-section elementor-top-section elementor-element elementor-element-23f45887 elementor-section-stretched elementor-section-boxed elementor-section-height-default elementor-section-height-default wpr-particle-no wpr-jarallax-no wpr-parallax-no wpr-sticky-section-no\" data-id=\"23f45887\" data-element_type=\"section\" data-settings=\"{&quot;stretch_section&quot;:&quot;section-stretched&quot;,&quot;background_background&quot;:&quot;classic&quot;}\">\n\t\t\t\t\t\t<div class=\"elementor-container elementor-column-gap-no\">\n\t\t\t\t\t<div class=\"elementor-column elementor-col-100 elementor-top-column elementor-element elementor-element-6604314a elementor-invisible\" data-id=\"6604314a\" data-element_type=\"column\" data-settings=\"{&quot;animation&quot;:&quot;fadeInLeft&quot;}\">\n\t\t\t<div class=\"elementor-widget-wrap elementor-element-populated\">\n\t\t\t\t\t\t<div class=\"elementor-element elementor-element-db8a74a elementor-widget__width-initial elementor-grid-3 elementor-grid-tablet-2 elementor-grid-mobile-1 elementor-posts--thumbnail-top elementor-widget elementor-widget-posts\" data-id=\"db8a74a\" data-element_type=\"widget\" data-settings=\"{&quot;classic_columns&quot;:&quot;3&quot;,&quot;classic_columns_tablet&quot;:&quot;2&quot;,&quot;classic_columns_mobile&quot;:&quot;1&quot;,&quot;classic_row_gap&quot;:{&quot;unit&quot;:&quot;px&quot;,&quot;size&quot;:35,&quot;sizes&quot;:[]},&quot;classic_row_gap_tablet&quot;:{&quot;unit&quot;:&quot;px&quot;,&quot;size&quot;:&quot;&quot;,&quot;sizes&quot;:[]},&quot;classic_row_gap_mobile&quot;:{&quot;unit&quot;:&quot;px&quot;,&quot;size&quot;:&quot;&quot;,&quot;sizes&quot;:[]}}\" data-widget_type=\"posts.classic\">\n\t\t\t\t<div class=\"elementor-widget-container\">\n\t\t\t\t\t\t\t<div class=\"elementor-posts-container elementor-posts elementor-posts--skin-classic elementor-grid\">\n\t\t\t\t<article class=\"elementor-post elementor-grid-item post-1606 post type-post status-publish format-standard hentry category-noticias entry\">\n\t\t\t\t<div class=\"elementor-post__text\">\n\t\t\t\t<h3 class=\"elementor-post__title\">\n\t\t\t<a href=\"https:\/\/iesti.com.br\/home\/2026\/02\/05\/saiu-na-midia\/\" >\n\t\t\t\tSAIU NA M\u00cdDIA!\t\t\t<\/a>\n\t\t<\/h3>\n\t\t\t\t<div class=\"elementor-post__meta-data\">\n\t\t\t\t\t<span class=\"elementor-post-date\">\n\t\t\t5 de fevereiro de 2026\t\t<\/span>\n\t\t\t\t<span class=\"elementor-post-avatar\">\n\t\t\tNenhum coment\u00e1rio\t\t<\/span>\n\t\t\t\t<\/div>\n\t\t\t\t<div class=\"elementor-post__excerpt\">\n\t\t\t<p>2025 foi um ano intenso para o IESTI! Diversos projetos foram executados, parcerias foram consolidades, eventos foram implementados e celebrados com a alegria e calor humano que s\u00f3 o povo maranhense tem! Entre atividades voltadas para o nosso amplo leque de atua\u00e7\u00e3o; educa\u00e7\u00e3o, arte, cultura, meio ambiente, patrim\u00f4nio, pensando em nosso p\u00fablico que vai desde as crian\u00e7as at\u00e9 jovens, adultos, idosos, mulheres e pessoas em situa\u00e7\u00e3o de vulnerabilidade social&#8230;h\u00e1 muito o que relembrar e deixar registrado em nossas mem\u00f3rias. Tudo o que foi vivido foi compartilhado com a sociedade maranhense porque a nossa miss\u00e3o \u00e9 manter a casa cheia com a nossa gente. A Inspirar comunica\u00e7\u00f5es, respons\u00e1vel pelo bel\u00edssimo trabalho de assessoria de impressa do IESTI garantiu nossa presen\u00e7a em diversos canais, sempre levando boas oportunidades criativas para nos aproximar de nosso p\u00fablico. Vale relembrar por onde passamos. Vamos juntos? Inaugura\u00e7\u00e3o da Escolinha Josias SobrinhoDi\u00e1rio de Bordo \u2013 20\/02\/2025https:\/\/vanessaserra.blog.br\/mestre-josias-sobrinho-e-homenageado-em-escola-de-musica-aberta-pelo-iesti\/ Embaixadeiros TV Mirante \u2013 Bom dia Maranh\u00e3o &#8211;&nbsp; 21\/03\/2025 S\u00c3O LU\u00cdS &#8211; TV MIRANTE &#8211; SLZ &#8211; BOM DIA MIRANTE Ao vivo, a rep\u00f3rter Lorena Cavalcante destaca a Mostra Cultural Embaixadeiros. \u00a0 \u00a0 http:\/\/sistema.ciclipping.com.br\/cliente\/clipping.aspx?cd=1830356&amp;mod=3&amp;cli=479&amp;from=wap Blog Cubo Jornalismo \u2013 11\/03\/2025https:\/\/cubo.jor.br\/2025\/03\/11\/mostra-cultural-embaixadeiros-celebra-a-riqueza-artistica-da-baixada-maranhense-em-sao-luis\/ Blog Nedilson Machado &#8211; 20\/03\/2025https:\/\/nedilsonmachado.com.br\/mostra-cultural-reune-artistas-da-baixada-maranhense-em-grande-show-no-convento-das-merces\/ R\u00e1dio Timbira \u2013 programa Timbira Cult \u2013 17\/03\/2025https:\/\/www.youtube.com\/watch?v=H7NbdA4Cris TV ASSEMBLEIA MARANHAO 20\/03\/2025https:\/\/www.youtube.com\/watch?v=kX0Bjve5PMQ&amp;t=13s Instagram Pedro Sobrinho \u2013 21\/03\/2025https:\/\/www.instagram.com\/p\/DHGZ6TTuY0e\/?hl=pt-br R\u00e1dio Mirante FM &#8211; 12\/03\/2025Programa Plugado Portal Imirante \u2013 21\/03\/2025https:\/\/imirante.com\/entretenimento\/sao-luis\/2025\/03\/21\/mostra-cultural-embaixadeiros-reune-artistas-da-baixada-maranhense-no-convento-das-merces JP Turismo \u2013 21\/03\/2025http:\/\/sistema.ciclipping.com.br\/cliente\/clipping.aspx?cd=1829998&amp;mod=4&amp;cli=479&amp;from=wap Projeto CanhoteiroDiego Emir \u2013 03\/04\/2025https:\/\/diegoemir.com\/2025\/04\/projeto-canhoteiro-realiza-grande-encontro-esportivo-e-cultural-com-120-criancas-da-vila-tamer-em-paco-do-lumiar-neste-sabado\/ R\u00e1dio Timbira News \u2013 04\/04\/2025Programa Geraldo Castro entrevista Aziz Santos &#8211; aos 47 minutos https:\/\/www.youtube.com\/watch?v=EqPqXn45OLE TV Mirante \u2013 JMTV 1 \u00aa Edi\u00e7\u00e3o \u2013 05\/04\/2025https:\/\/g1.globo.com\/ma\/maranhao\/videos-jmtv-1-edicao\/video\/projeto-canhoteiro-trabalha-inclusao-social-atraves-do-esporte-na-grande-sao-luis-13492614.ghtml http:\/\/novo.suacidade.com\/esportes\/projeto-realiza-encontro-esportivo-e-cultural-com-criancas-da-vila-tamer-em-paco-do-lumiar Exposi\u00e7\u00e3o Povos Origin\u00e1riosCubo Jornalismo 23\/04\/25https:\/\/cubo.jor.br\/2025\/04\/23\/povos-originarios-imagens-e-memorias-de-murilo-santos-e-tema-de-exposicao-no-iesti-no-proximo-dia-25-04\/ TV Mirante 1\u00aa Edi\u00e7\u00e3o (JMTV1) \u2013 20\/04\/2025https:\/\/www.instagram.com\/p\/DI6xoTSOOIu\/?hl=pt-br Semin\u00e1rio Maio Laranja\u00a0 2025 O Imparcial on line \u2013 28\/05\/2025https:\/\/oimparcial.com.br\/noticias\/2025\/05\/inscricoes-abertas-para-o-seminario-maio-laranja-2025\/ Site Imirante \u2013 29\/05\/2025https:\/\/imirante.com\/noticias\/sao-luis\/2025\/05\/29\/inscricoes-abertas-para-o-seminario-maio-laranja-2025-caminhos-intersetoriais-no-enfrentamento-a-violencia-sexual-infantojuvenil TV Difusora \u2013 30\/05\/2025S\u00c3O LU\u00cdS &#8211; TV DIFUSORA &#8211; SLZ &#8211; BOM DIA MARANH\u00c3O Ao vivo, o rep\u00f3rter Eduardo Gomes destaca que semin\u00e1rio Maio Laranja come\u00e7a hoje, em S\u00e3o Lu\u00eds. Em entrevista, Camila Torres, organizadora do semin\u00e1rio fala sobre o objetivo do evento. http:\/\/sistema.ciclipping.com.br\/cliente\/clipping.aspx?cd=2039626&amp;mod=3&amp;cli=479&amp;from=wap<\/p>\n\t\t<\/div>\n\t\t\n\t\t<a class=\"elementor-post__read-more\" href=\"https:\/\/iesti.com.br\/home\/2026\/02\/05\/saiu-na-midia\/\" aria-label=\"Read more about SAIU NA M\u00cdDIA!\" tabindex=\"-1\" >\n\t\t\tRead More \u00bb\t\t<\/a>\n\n\t\t\t\t<\/div>\n\t\t\t\t<\/article>\n\t\t\t\t<article class=\"elementor-post elementor-grid-item post-1577 post type-post status-publish format-standard hentry category-sem-categoria tag-centrohistorico tag-iesti tag-sao-luis entry\">\n\t\t\t\t<div class=\"elementor-post__text\">\n\t\t\t\t<h3 class=\"elementor-post__title\">\n\t\t\t<a href=\"https:\/\/iesti.com.br\/home\/2025\/12\/30\/iesti-2025-tecendo-futuros-cultivando-vidas-no-coracao-de-sao-luis\/\" >\n\t\t\t\tIESTI 2025: Tecendo Futuros, Cultivando Vidas no Cora\u00e7\u00e3o de S\u00e3o Lu\u00eds.\t\t\t<\/a>\n\t\t<\/h3>\n\t\t\t\t<div class=\"elementor-post__meta-data\">\n\t\t\t\t\t<span class=\"elementor-post-date\">\n\t\t\t30 de dezembro de 2025\t\t<\/span>\n\t\t\t\t<span class=\"elementor-post-avatar\">\n\t\t\tNenhum coment\u00e1rio\t\t<\/span>\n\t\t\t\t<\/div>\n\t\t\t\t<div class=\"elementor-post__excerpt\">\n\t\t\t<p>No casar\u00e3o azul da rua da Palma, onde o sol dan\u00e7a sobre os azulejos e a hist\u00f3ria vibra, celebramos um ano inteiro de sonhos plantados, regados e colhidos. O Instituto de Estudos Sociais e Terapias Integrativas &#8211; IESTI encerra 2025 com gratid\u00e3o por cada vida alcan\u00e7ada. Foi um ano de estudos, pesquisas, concep\u00e7\u00e3o e execu\u00e7\u00e3o de projetos com alto potencial de transforma\u00e7\u00e3o de realidades. Em 2025, cada projeto foi uma semente de mudan\u00e7a lan\u00e7ada no solo f\u00e9rtil do Maranh\u00e3o. No Bem Viver na Vila 60+, realizado na comunidade da Vila Concei\u00e7\u00e3o, cultivamos sa\u00fade e bem-estar, mostrando que a melhor idade \u00e9 uma colheita de sabedoria e alegria, impactando diretamente 60 pessoas. Para nossa juventude, o Projeto Canhoteiro foi mais do que esporte, mais que futebol e karat\u00ea; foi uma li\u00e7\u00e3o de educa\u00e7\u00e3o, \u00e9tica e cultura, formando campe\u00f5es dentro e fora dos campos e tatames para mais de 80 crian\u00e7as e adolescentes. Dos criativos que estiveram conosco, sonhos e economias ganharam for\u00e7a e realiza\u00e7\u00e3o! Com forma\u00e7\u00f5es como a COPA para mulheres empreendedoras, Quintais Criativos e a trilha ECOAR, demos asas ao empreendedorismo, irrigando pequenos neg\u00f3cios com capacita\u00e7\u00e3o e capital semente. E nossa mem\u00f3ria, essa riqueza imensa, foi celebrada e guardada a sete chaves no cora\u00e7\u00e3o. Atrav\u00e9s do Patrim\u00f4nio em Rede e os Guardi\u00f5es da Mem\u00f3ria conectamos passado, presente e futuro, investindo nos que carregam a cultura nos olhos e nas m\u00e3os. O Ano em que a Cultura Ecoou e o Audiovisual Encantou E a\u00ed, a cultura levantou voo! O festival Embaixadeiros elevou os ritmos da Baixada Maranhense, enquanto o Projeto Seis e Meia transformou nosso casar\u00e3o num palco vivo para a poesia, o cinema e a m\u00fasica autoral. Foram tr\u00eas edi\u00e7\u00f5es repletas de exposi\u00e7\u00f5es art\u00edsticas, artistas e muita celebra\u00e7\u00e3o da arte que nos define. E o audiovisual brilhou com luz pr\u00f3pria! Em uma parceria po\u00e9tica e profunda, firmamos la\u00e7os com o Museu da Pessoa, registrando e eternizando hist\u00f3rias de vida que s\u00e3o o verdadeiro patrim\u00f4nio do nosso povo. Na tela grande, o filme \u201cComida de Ax\u00e9, Alimento para o Mundo\u201d, realizado em parceria com a Cozinha Ancestral, revelou o universo de valores e afeto presente na comida ritual\u00edstica dos terreiros, alimentando corpos e almas. Unindo a urg\u00eancia da pauta ambiental \u00e0 magia da s\u00e9tima arte, realizamos a potente parceria com o Cine Ecofalante. O cat\u00e1logo da plataforma proporcionou encontros transformadores, provando que o cinema \u00e9 uma janela poderosa para a educa\u00e7\u00e3o e a conscientiza\u00e7\u00e3o. Viva o cinema! Viva a arte que educa e transforma! Seguindo o encanto da melodia que une e transforma, lan\u00e7amos a Escolinha de M\u00fasica Josias Sobrinho, onde viol\u00f5es e ukuleles ecoam gratuitamente aos s\u00e1bados, em uma experi\u00eancia intergeracional. E nossa atua\u00e7\u00e3o foi tamb\u00e9m de prote\u00e7\u00e3o: o Semin\u00e1rio Maio Laranja reuniu vozes fortes no enfrentamento \u00e0 viol\u00eancia infantojuvenil, em um debate necess\u00e1rio que ecoou da Universidade Federal do Estado do Maranh\u00e3o para a cidade. Juntos Somos uma Rede Mais Forte Nenhum passo foi dado sozinho. Fomos parceiros ativos em sonhos coletivos. Da caminhada po\u00e9tica do Mundo Pescador de Sonhos aos ritmos radicais do Roots Revelation, e da reflex\u00e3o profunda da exposi\u00e7\u00e3o fotogr\u00e1fica \u201cA Vida \u00e9 Combate\u201d, mostramos que uma rede tecida com fios de parceria \u00e9 inquebr\u00e1vel. Olhamos para tr\u00e1s e n\u00e3o vemos apenas n\u00fameros \u2013 vemos hist\u00f3rias. Centenas de vidas impactadas diretamente, milhares tocadas pelo nosso fazer. Cada idoso acolhido, cada crian\u00e7a incentivada, cada mulher empoderada, cada artista valorizado. \u00c9 a nossa miss\u00e3o pulsando, em perfeita sintonia com os Objetivos de Desenvolvimento Sustent\u00e1vel da ONU, tocando nossos seis pilares sagrados: Cultura, Educa\u00e7\u00e3o, Esporte, Tecnologia, Meio Ambiente e Terapias Integrativas. Este casar\u00e3o hist\u00f3rico \u00e9 uma casa de portas abertas, onde a sociedade civil se organiza com excel\u00eancia e ousadia para gerar impacto real. Um 2025 repleto de conquistas foi poss\u00edvel gra\u00e7as a cada parceiro, apoiador, patrocinador e volunt\u00e1rio \u2013 voc\u00eas s\u00e3o os verdadeiros coautores desta linda hist\u00f3ria. Que venha 2026! Com ainda mais for\u00e7a, mais f\u00e9, mais poesia e atitude. Seguiremos transformando vidas e fortalecendo a inclus\u00e3o no nosso Maranh\u00e3o, com muita arte, cultura, sa\u00fade, prosperidade e vida digna para todos! O futuro se tece aqui. E ele \u00e9 brilhante. IESTI \u2013 Instituto de Estudos Sociais e Terapias IntegrativasTecendo futuros, cultivando vidas.<\/p>\n\t\t<\/div>\n\t\t\n\t\t<a class=\"elementor-post__read-more\" href=\"https:\/\/iesti.com.br\/home\/2025\/12\/30\/iesti-2025-tecendo-futuros-cultivando-vidas-no-coracao-de-sao-luis\/\" aria-label=\"Read more about IESTI 2025: Tecendo Futuros, Cultivando Vidas no Cora\u00e7\u00e3o de S\u00e3o Lu\u00eds.\" tabindex=\"-1\" >\n\t\t\tRead More \u00bb\t\t<\/a>\n\n\t\t\t\t<\/div>\n\t\t\t\t<\/article>\n\t\t\t\t<article class=\"elementor-post elementor-grid-item post-1573 post type-post status-publish format-standard hentry category-sem-categoria tag-centrohistorico tag-iesti tag-sao-luis entry\">\n\t\t\t\t<div class=\"elementor-post__text\">\n\t\t\t\t<h3 class=\"elementor-post__title\">\n\t\t\t<a href=\"https:\/\/iesti.com.br\/home\/2025\/12\/27\/iesti-uma-decada-de-cura-e-transformacao-iluminando-o-caminho-para-2026\/\" >\n\t\t\t\tIESTI: Uma D\u00e9cada de Cura e Transforma\u00e7\u00e3o, Iluminando o Caminho para 2026\t\t\t<\/a>\n\t\t<\/h3>\n\t\t\t\t<div class=\"elementor-post__meta-data\">\n\t\t\t\t\t<span class=\"elementor-post-date\">\n\t\t\t27 de dezembro de 2025\t\t<\/span>\n\t\t\t\t<span class=\"elementor-post-avatar\">\n\t\t\tNenhum coment\u00e1rio\t\t<\/span>\n\t\t\t\t<\/div>\n\t\t\t\t<div class=\"elementor-post__excerpt\">\n\t\t\t<p>Num clima onde o esp\u00edrito festivo do Natal se mistura ao balan\u00e7o esperan\u00e7oso de um novo ciclo, o IESTI \u2013 Instituto de Estudos Sociais e Terapias Integrativas acende suas luzes n\u00e3o apenas em celebra\u00e7\u00e3o, mas como um farol de acolhimento e transforma\u00e7\u00e3o. Enquanto o ano de 2025 se despede, o Instituto olha para tr\u00e1s com gratid\u00e3o por uma trajet\u00f3ria brilhante e para frente com o cora\u00e7\u00e3o repleto de aspira\u00e7\u00f5es positivas. Em uma conversa calorosa, o presidente do IESTI compartilhou a ess\u00eancia deste trabalho que, desde 2016, semeia sa\u00fade integral e autonomia. &#8220;O N\u00facleo de Terapias Integrativas do IESTI surge em 2016 com uma miss\u00e3o muito clara e amorosa: estimular o aprendizado dessas pr\u00e1ticas para baratear os custos de preven\u00e7\u00e3o e tratamento da sa\u00fade de nossa popula\u00e7\u00e3o&#8221;, relembra o presidente. &#8220;Queremos democratizar o acesso a ferramentas poderosas de autoconhecimento e cura.&#8221; E que jornada foi essa! Ao longo de quase uma d\u00e9cada, o Instituto construiu uma hist\u00f3ria s\u00f3lida, oferecendo forma\u00e7\u00f5es profundas e viv\u00eancias transformadoras. Cursos de Forma\u00e7\u00e3o em Constela\u00e7\u00f5es Sist\u00eamicas, iniciados ainda em 2016, formaram centenas de facilitadores. As t\u00e9cnicas de EFT (T\u00e9cnicas de Liberta\u00e7\u00e3o Emocional), uma esp\u00e9cie de &#8220;acupuntura com os dedos&#8221;, foram levadas a dezenas de pessoas em cinco turmas especiais. A delicada sabedoria dos Florais de Bach ensinou a linguagem das flores para curar a alma, harmonizando emo\u00e7\u00f5es em cursos que revelaram como a natureza fala diretamente ao cora\u00e7\u00e3o. E a sabedoria milenar do I Ching foi estudada em tr\u00eas cursos, apresentando este livro de filosofia muito al\u00e9m de seu uso como or\u00e1culo. O IESTI \u00e9 tamb\u00e9m casa de encontros que marcam a alma. Workshops como &#8220;Acolhendo a Crian\u00e7a Ferida&#8221;, uma imers\u00e3o tocante na cura da crian\u00e7a interior; &#8220;Meus Mestres, Minha Sa\u00fade&#8221;, um guia pr\u00e1tico para cuidados naturais; o potente &#8220;Repletus&#8221;, que integra PNL, EFT, Ho\u2019oponopono e outras t\u00e9cnicas; e o libertador &#8220;Ressignificando a Rela\u00e7\u00e3o entre Pais e Filhos&#8221; foram oferecidos, criando espa\u00e7os seguros para revolu\u00e7\u00e3o pessoal. Palestras sobre Autoconfian\u00e7a e Procrastina\u00e7\u00e3o complementam o leque de temas urgentes para a vida moderna. 2025 foi um ano de continuidade vibrante dessa miss\u00e3o! Seguimos ativos, promovendo novas edi\u00e7\u00f5es dos cursos consagrados e workshops, sempre com foco na aplica\u00e7\u00e3o pr\u00e1tica e acess\u00edvel das terapias. A comunidade em torno do Instituto se fortaleceu, trocando experi\u00eancias e formando uma rede de apoio que \u00e9, em si, terap\u00eautica. &#8220;De modo geral, o maior benef\u00edcio destas pr\u00e1ticas \u00e9 oferecer uma vis\u00e3o hol\u00edstica, compreendendo o homem como um todo org\u00e2nico, sem separa\u00e7\u00e3o entre mente e corpo, como faz a Medicina Ocidental&#8221;, destaca o presidente. \u00c9 essa abordagem integral que permite \u00e0s pessoas se reconectarem com seu pr\u00f3prio poder de cura e equil\u00edbrio. Neste momento de renova\u00e7\u00e3o das esperan\u00e7as, t\u00e3o caracter\u00edstico do esp\u00edrito dezembrino, o presidente do IESTI deixa um desejo simples, profundo e poderoso para todos em 2026: &#8220;Que todos sejamos dotados de mais compaix\u00e3o e mais amor.&#8221; \u00c9 com este esp\u00edrito \u2013 de compaix\u00e3o, amor, solidariedade, coletividade, celebra\u00e7\u00e3o e f\u00e9 no amanh\u00e3 \u2013 que o IESTI encerra mais um ciclo. Que a virada do ano nos encontre mais inteiros, mais conscientes e mais conectados com a sabedoria que habita dentro de n\u00f3s. O Instituto segue de portas abertas, pronto para ser parceiro nesta jornada luminosa de autocuidado e evolu\u00e7\u00e3o. Que 2026 nos traga, juntos, mais sa\u00fade, mais integra\u00e7\u00e3o e mais luz! Informa\u00e7\u00f5es sobre as pr\u00f3ximas turmas e workshops podem ser obtidas diretamente no IESTI.<\/p>\n\t\t<\/div>\n\t\t\n\t\t<a class=\"elementor-post__read-more\" href=\"https:\/\/iesti.com.br\/home\/2025\/12\/27\/iesti-uma-decada-de-cura-e-transformacao-iluminando-o-caminho-para-2026\/\" aria-label=\"Read more about IESTI: Uma D\u00e9cada de Cura e Transforma\u00e7\u00e3o, Iluminando o Caminho para 2026\" tabindex=\"-1\" >\n\t\t\tRead More \u00bb\t\t<\/a>\n\n\t\t\t\t<\/div>\n\t\t\t\t<\/article>\n\t\t\t\t<article class=\"elementor-post elementor-grid-item post-1553 post type-post status-publish format-standard hentry category-sem-categoria tag-centrohistorico tag-iesti tag-sao-luis entry\">\n\t\t\t\t<div class=\"elementor-post__text\">\n\t\t\t\t<h3 class=\"elementor-post__title\">\n\t\t\t<a href=\"https:\/\/iesti.com.br\/home\/2025\/12\/04\/iesti-20-anos-transformando-realidades-no-maranhao\/\" >\n\t\t\t\tIESTI: 20 Anos Transformando Realidades no Maranh\u00e3o.\t\t\t<\/a>\n\t\t<\/h3>\n\t\t\t\t<div class=\"elementor-post__meta-data\">\n\t\t\t\t\t<span class=\"elementor-post-date\">\n\t\t\t4 de dezembro de 2025\t\t<\/span>\n\t\t\t\t<span class=\"elementor-post-avatar\">\n\t\t\tNenhum coment\u00e1rio\t\t<\/span>\n\t\t\t\t<\/div>\n\t\t\t\t<div class=\"elementor-post__excerpt\">\n\t\t\t<p>Fundado em 2003 como n\u00facleo de estudos sociais, o IESTI- Instituto de Terapias Integrativas consolida-se, desde 2016, como uma organiza\u00e7\u00e3o da sociedade civil de refer\u00eancia no Maranh\u00e3o. Ao longo de duas d\u00e9cadas buscamos promover a cultura de paz, a inclus\u00e3o social, o desenvolvimento social do Maranh\u00e3o e do Brasil (pautado nos ODS da ONU), valorizar e preservar a identidade cultural local, potencializar a economia criativa, incentivar pr\u00e1ticas esportivas, a sustentabilidade do meio ambiente, bem como ampliar o acesso \u00e0s terapias integrativas e ao conhecimento acerca da sa\u00fade hol\u00edstica a fim de promover sa\u00fade e bem estar e o esp\u00edrito de humanidade. Ao longo desse caminho constru\u00edmos uma cartela com 60 projetos voltados para a transforma\u00e7\u00e3o social. Ao todo, s\u00e3o cerca de 4.500 pessoas impactadas diretamente por nossos projetos executados, com alcance a n\u00edvel estadual. S\u00e3o iniciativas que valorizam a sa\u00fade, bem estar, dignidade e, especialmente, a cultura maranhense pela qual somos totalmente encantados! Fazer vibrar as cores, texturas e sons de nosso povo dan\u00e7ante \u00e9 o que encanta nosso Instituto, sempre cheio de artistas, agentes culturais, muita m\u00fasica, cinema, bumba meu boi, tambor de crioula, capoeira\u2026a cultura maranhense \u00e9 a base de nossa celebra\u00e7\u00e3o e dedica\u00e7\u00e3o \u00e0 vida em sua diversidade.&nbsp; Para relembrar nossa trajet\u00f3ria recordamos com voc\u00eas parte de nossa hist\u00f3ria: Nossas certifica\u00e7\u00f5es reafirmam o comprometimento com nossa miss\u00e3o. Este trabalho dedicado \u00e0s nossas causas \u2013 com foco em crian\u00e7as, adolescentes, jovens, adultos, idosos, mulheres, povos tradicionais e popula\u00e7\u00f5es vulner\u00e1veis \u2013 recebeu reconhecimento atrav\u00e9s das certifica\u00e7\u00f5es municipais, estaduais e nacionais citadas acima, al\u00e9m de importantes premia\u00e7\u00f5es como o Periferia Viva (2024) e o Aldir Blanc (2025). Com s\u00f3lidas parcerias e uma rede de coopera\u00e7\u00e3o ampla, o IESTI segue comprometido em transformar positivamente vidas e realidades, deixando um legado de fortalecimento econ\u00f4mico, solidariedade, integridade, autoestima identit\u00e1ria e cultura de paz para o Maranh\u00e3o e o Brasil. IESTI: Onde cuidado e cultura transformam vidas com excel\u00eancia e ousadia.<\/p>\n\t\t<\/div>\n\t\t\n\t\t<a class=\"elementor-post__read-more\" href=\"https:\/\/iesti.com.br\/home\/2025\/12\/04\/iesti-20-anos-transformando-realidades-no-maranhao\/\" aria-label=\"Read more about IESTI: 20 Anos Transformando Realidades no Maranh\u00e3o.\" tabindex=\"-1\" >\n\t\t\tRead More \u00bb\t\t<\/a>\n\n\t\t\t\t<\/div>\n\t\t\t\t<\/article>\n\t\t\t\t<article class=\"elementor-post elementor-grid-item post-1547 post type-post status-publish format-standard hentry category-sem-categoria entry\">\n\t\t\t\t<div class=\"elementor-post__text\">\n\t\t\t\t<h3 class=\"elementor-post__title\">\n\t\t\t<a href=\"https:\/\/iesti.com.br\/home\/2025\/11\/26\/centro-de-sao-luis-recebe-primeira-feira-dos-quintais-criativos\/\" >\n\t\t\t\tCentro de S\u00e3o Lu\u00eds recebe primeira Feira dos Quintais\u00a0Criativos.\t\t\t<\/a>\n\t\t<\/h3>\n\t\t\t\t<div class=\"elementor-post__meta-data\">\n\t\t\t\t\t<span class=\"elementor-post-date\">\n\t\t\t26 de novembro de 2025\t\t<\/span>\n\t\t\t\t<span class=\"elementor-post-avatar\">\n\t\t\tNenhum coment\u00e1rio\t\t<\/span>\n\t\t\t\t<\/div>\n\t\t\t\t<div class=\"elementor-post__excerpt\">\n\t\t\t<p>A feira \u00e9 um desdobramento do projeto \u201cQuintais Criativos \u2013 Territ\u00f3rios de Afeto\u201d, uma iniciativa que integra o Programa Patrim\u00f4nio em Rede e o grupo Guardi\u00f5es da Mem\u00f3ria. Receitas, saberes e mem\u00f3rias afetivas de um jeito bem saboroso reunidos em um \u00fanico lugar. Esta foi a experi\u00eancia gastron\u00f4mica da Feira dos Quintais Criativos, realizada na&nbsp;sede do&nbsp;Instituto de Estudos Sociais e Terapias Integrativas (IESTI), na Rua da Palma, 322, Centro Hist\u00f3rico de S\u00e3o Lu\u00eds. A Feira dos Quintais Criativos \u00e9 uma iniciativa do IESTI por meio do Programa Patrim\u00f4nio em Rede e o projeto Guardi\u00f5es da Mem\u00f3ria, com o objetivo de fortalecer o Turismo de Base Comunit\u00e1ria (TBC) na capital maranhense. Quem foi \u00e0 feira p\u00f4de encontrar comidas variadas, incluindo pratos veganos, preparados por seis empreendimentos, al\u00e9m de atra\u00e7\u00f5es culturais e m\u00fasica com o DJ Pedro Dreadlock. &nbsp;\u201cEsta Feira \u00e9 resultado de um trabalho inovador, que enxerga nos quintais gastron\u00f4micos espalhados por diferentes bairros de S\u00e3o Lu\u00eds verdadeiros tesouros culturais e tur\u00edsticos\u201d,&nbsp;explica a secret\u00e1ria executiva do IESTI C\u00e1tia de Oliveira. O \u201cQuintais Criativos \u2013 territ\u00f3rios de afeto\u201d surge como uma iniciativa integrada ao Programa Patrim\u00f4nio em Rede e os Guardi\u00f5es da Mem\u00f3ria do IESTI, com o objetivo de desenvolver um roteiro de Turismo de Base Comunit\u00e1ria (TBC) em S\u00e3o Lu\u00eds, transformando quintais gastron\u00f4micos localizados em diversas zonas da cidade e liderados, principalmente por mulheres, em pontos estrat\u00e9gicos de experi\u00eancia tur\u00edstica. O projeto estabeleceu parcerias com institui\u00e7\u00f5es p\u00fablicas e privadas, para oferecer uma Trilha de Conhecimentos, com treinamentos em gest\u00e3o financeira, marketing digital, qualidade no atendimento ao turista, vigil\u00e2ncia sanit\u00e1ria, boas pr\u00e1ticas de manipula\u00e7\u00e3o de alimentos e educa\u00e7\u00e3o patrimonial. S\u00e3o parceiros do projeto a\u00a0Prefeitura Municipal de S\u00e3o Lu\u00eds, por meio da Secretaria Municipal de Turismo, Ag\u00eancia de Desenvolvimento Econ\u00f4mico e Social \u2013 AMDES, Secretaria Municipal de Projetos Especiais, Inova\u00e7\u00e3o e Sustentabilidade \u2013 SEMISPE; o SENAC e o SEBRAE. A Trilha contribuiu para o desenvolvimento de habilidades t\u00e9cnicas e gerenciais, preparando os empreendedores para oferecer servi\u00e7os de alta qualidade e melhoria da experi\u00eancia dos clientes\/visitantes.<\/p>\n\t\t<\/div>\n\t\t\n\t\t<a class=\"elementor-post__read-more\" href=\"https:\/\/iesti.com.br\/home\/2025\/11\/26\/centro-de-sao-luis-recebe-primeira-feira-dos-quintais-criativos\/\" aria-label=\"Read more about Centro de S\u00e3o Lu\u00eds recebe primeira Feira dos Quintais\u00a0Criativos.\" tabindex=\"-1\" >\n\t\t\tRead More \u00bb\t\t<\/a>\n\n\t\t\t\t<\/div>\n\t\t\t\t<\/article>\n\t\t\t\t<article class=\"elementor-post elementor-grid-item post-1542 post type-post status-publish format-standard hentry category-noticias entry\">\n\t\t\t\t<div class=\"elementor-post__text\">\n\t\t\t\t<h3 class=\"elementor-post__title\">\n\t\t\t<a href=\"https:\/\/iesti.com.br\/home\/2025\/11\/17\/homenagem-a-sambista-patativa-marca-estreia-do-projeto-seis-e-meia-iesti-no-centro-historico\/\" >\n\t\t\t\tHomenagem \u00e0 sambista Patativa marca estreia do Projeto Seis e Meia (IESTI), no Centro Hist\u00f3rico.\t\t\t<\/a>\n\t\t<\/h3>\n\t\t\t\t<div class=\"elementor-post__meta-data\">\n\t\t\t\t\t<span class=\"elementor-post-date\">\n\t\t\t17 de novembro de 2025\t\t<\/span>\n\t\t\t\t<span class=\"elementor-post-avatar\">\n\t\t\tNenhum coment\u00e1rio\t\t<\/span>\n\t\t\t\t<\/div>\n\t\t\t\t<div class=\"elementor-post__excerpt\">\n\t\t\t<p>Um novo espa\u00e7o para encontros culturais pulsa no cora\u00e7\u00e3o do Centro Hist\u00f3rico de S\u00e3o Lu\u00eds. O Instituto de Estudos Sociais e Terapias Integrativas (IESTI) tem a alegria de lan\u00e7ar o Projeto Seis e Meia: Reencantando o Mundo, uma s\u00e9rie mensal de saraus que promete transformar o Casar\u00e3o da Rua da Palma, 322, em palco para m\u00fasica, cinema, poesia e artes visuais. Com patroc\u00ednio do Sebrae-MA, a programa\u00e7\u00e3o se estende at\u00e9 novembro, sempre \u00e0s 18h30, oferecendo ao p\u00fablico atividades logo ap\u00f3s o expediente. O intuito do projeto \u00e9 alimentar o Centro Hist\u00f3rico com cultura e arte e oferecer ao povo ludovicense um local para ter um respiro de lazer e aprendizado atrav\u00e9s das artes durante a rotina de trabalho da semana. Estreia em tributo a Patativa A primeira edi\u00e7\u00e3o presta homenagem a Patativa, uma das grandes vozes do samba maranhense, atrav\u00e9s de roda de samba conduzida por Vanda Silva, filha de Patativa, acompanhada por Jo\u00e3o Eudes, Jo\u00e3o Neto, Gustavo Belan e Valdico. Os convidados especiais, Dicy Rocha e Jo\u00e3ozinho Ribeiro, selam a noite enquanto grandes refer\u00eancias da m\u00fasica maranhense. A casa tamb\u00e9m exibe exposi\u00e7\u00e3o de arte composta por fotos de Beto Matuck e acervo de roupas e adere\u00e7os ic\u00f4nicos da artista, disponibilizados por sua fam\u00edlia. No cinema, acontece a exibi\u00e7\u00e3o dos filmes Punga (Ronny Meirelles e Fernando Braga) e Patativa \u2013 Xiri Meu Eu N\u00e3o Dou (Tairo Lisboa). A DJ Vanessa Serra imprime na paisagem sonora brasilidades e maranhensidades. Para deixar registrado na casa o momento de homenagem \u00e9 lan\u00e7ado um mural de lambe dedicado \u00e0 sambista (a arte de Dan Quebrada tamb\u00e9m estampa o in\u00edcio desta mat\u00e9ria). Imagem de Beto Matuck Gastronomia e mem\u00f3ria O evento tamb\u00e9m reserva espa\u00e7o para a culin\u00e1ria e para a valoriza\u00e7\u00e3o da comunidade local. A gastronomia ficar\u00e1 por conta da Bocadilho Sandu\u00edches, enquanto as bebidas ser\u00e3o comercializadas por moradores do bairro Desterro, contemplados pelo projeto Guardi\u00f5es da Mem\u00f3ria \u2013 Patrim\u00f4nio em Rede, projeto do IESTI. O IESTI celebra mais um projeto que chega para fortalecer a cultura maranhense exaltando a mem\u00f3ria atrav\u00e9s da m\u00fasica, artes visuais, artes pl\u00e1sticas, cinema (as possibilidades seguem em movimento ao longo do projeto!) e criando novas hist\u00f3rias que nascem atrav\u00e9s do encontro e da celebra\u00e7\u00e3o do cotidiano.<\/p>\n\t\t<\/div>\n\t\t\n\t\t<a class=\"elementor-post__read-more\" href=\"https:\/\/iesti.com.br\/home\/2025\/11\/17\/homenagem-a-sambista-patativa-marca-estreia-do-projeto-seis-e-meia-iesti-no-centro-historico\/\" aria-label=\"Read more about Homenagem \u00e0 sambista Patativa marca estreia do Projeto Seis e Meia (IESTI), no Centro Hist\u00f3rico.\" tabindex=\"-1\" >\n\t\t\tRead More \u00bb\t\t<\/a>\n\n\t\t\t\t<\/div>\n\t\t\t\t<\/article>\n\t\t\t\t<\/div>\n\t\t\n\t\t\t\t\t\t<\/div>\n\t\t\t\t<\/div>\n\t\t\t\t<div class=\"elementor-element elementor-element-584ace8 elementor-post-navigation-borders-yes elementor-widget elementor-widget-post-navigation\" data-id=\"584ace8\" data-element_type=\"widget\" data-widget_type=\"post-navigation.default\">\n\t\t\t\t<div class=\"elementor-widget-container\">\n\t\t\t\t\t\t\t<div class=\"elementor-post-navigation\">\n\t\t\t<div class=\"elementor-post-navigation__prev elementor-post-navigation__link\">\n\t\t\t\t<a href=\"https:\/\/iesti.com.br\/home\/2025\/06\/04\/seminario-maio-laranja-caminhos-intersetoriais-no-enfrentamento-a-violencia-sexual-infantojuvenil\/\" rel=\"prev\"><span class=\"post-navigation__arrow-wrapper post-navigation__arrow-prev\"><i class=\"fa fa-angle-left\" aria-hidden=\"true\"><\/i><span class=\"elementor-screen-only\">Prev<\/span><\/span><span class=\"elementor-post-navigation__link__prev\"><span class=\"post-navigation__prev--label\">ANTERIOR<\/span><span class=\"post-navigation__prev--title\">Semin\u00e1rio Maio Laranja: Caminhos Intersetoriais no Enfrentamento \u00e0 Viol\u00eancia Sexual Infantojuvenil<\/span><\/span><\/a>\t\t\t<\/div>\n\t\t\t\t\t\t\t<div class=\"elementor-post-navigation__separator-wrapper\">\n\t\t\t\t\t<div class=\"elementor-post-navigation__separator\"><\/div>\n\t\t\t\t<\/div>\n\t\t\t\t\t\t<div class=\"elementor-post-navigation__next elementor-post-navigation__link\">\n\t\t\t\t<a href=\"https:\/\/iesti.com.br\/home\/2025\/11\/26\/centro-de-sao-luis-recebe-primeira-feira-dos-quintais-criativos\/\" rel=\"next\"><span class=\"elementor-post-navigation__link__next\"><span class=\"post-navigation__next--label\">PR\u00d3XIMO<\/span><span class=\"post-navigation__next--title\">Centro de S\u00e3o Lu\u00eds recebe primeira Feira dos Quintais\u00a0Criativos.<\/span><\/span><span class=\"post-navigation__arrow-wrapper post-navigation__arrow-next\"><i class=\"fa fa-angle-right\" aria-hidden=\"true\"><\/i><span class=\"elementor-screen-only\">Next<\/span><\/span><\/a>\t\t\t<\/div>\n\t\t<\/div>\n\t\t\t\t\t\t<\/div>\n\t\t\t\t<\/div>\n\t\t\t\t\t<\/div>\n\t\t<\/div>\n\t\t\t\t\t<\/div>\n\t\t<\/section>\n\t\t<div class=\"elementor-element elementor-element-f89130d e-con-full e-flex wpr-particle-no wpr-jarallax-no wpr-parallax-no wpr-sticky-section-no e-con e-parent\" data-id=\"f89130d\" data-element_type=\"container\" data-settings=\"{&quot;background_background&quot;:&quot;classic&quot;}\">\n\t\t<div class=\"elementor-element elementor-element-a81613d e-con-full e-flex wpr-particle-no wpr-jarallax-no wpr-parallax-no wpr-sticky-section-no e-con e-child\" data-id=\"a81613d\" data-element_type=\"container\">\n\t\t\t\t<\/div>\n\t\t<div class=\"elementor-element elementor-element-2775ef5 e-con-full e-flex wpr-particle-no wpr-jarallax-no wpr-parallax-no wpr-sticky-section-no e-con e-child\" data-id=\"2775ef5\" data-element_type=\"container\">\n\t\t\t\t<div class=\"elementor-element elementor-element-786a0de elementor-widget__width-inherit elementor-invisible elementor-widget elementor-widget-heading\" data-id=\"786a0de\" data-element_type=\"widget\" data-settings=\"{&quot;_animation&quot;:&quot;fadeInUp&quot;}\" data-widget_type=\"heading.default\">\n\t\t\t\t<div class=\"elementor-widget-container\">\n\t\t\t\t\t<h2 class=\"elementor-heading-title elementor-size-default\">Fale conosco<\/h2>\t\t\t\t<\/div>\n\t\t\t\t<\/div>\n\t\t\t\t<div class=\"elementor-element elementor-element-40daec1 e-grid-align-left e-grid-align-tablet-left e-grid-align-mobile-center elementor-shape-rounded elementor-grid-0 elementor-widget elementor-widget-social-icons\" data-id=\"40daec1\" data-element_type=\"widget\" data-widget_type=\"social-icons.default\">\n\t\t\t\t<div class=\"elementor-widget-container\">\n\t\t\t\t\t\t\t<div class=\"elementor-social-icons-wrapper elementor-grid\" role=\"list\">\n\t\t\t\t\t\t\t<span class=\"elementor-grid-item\" role=\"listitem\">\n\t\t\t\t\t<a class=\"elementor-icon elementor-social-icon elementor-social-icon-facebook-f elementor-repeater-item-fac13cb\" href=\"https:\/\/www.facebook.com\/iesti.ma\/\" target=\"_blank\">\n\t\t\t\t\t\t<span class=\"elementor-screen-only\">Facebook-f<\/span>\n\t\t\t\t\t\t<i class=\"fab fa-facebook-f\"><\/i>\t\t\t\t\t<\/a>\n\t\t\t\t<\/span>\n\t\t\t\t\t\t\t<span class=\"elementor-grid-item\" role=\"listitem\">\n\t\t\t\t\t<a class=\"elementor-icon elementor-social-icon elementor-social-icon-whatsapp elementor-repeater-item-2b24867\" target=\"_blank\">\n\t\t\t\t\t\t<span class=\"elementor-screen-only\">Whatsapp<\/span>\n\t\t\t\t\t\t<i class=\"fab fa-whatsapp\"><\/i>\t\t\t\t\t<\/a>\n\t\t\t\t<\/span>\n\t\t\t\t\t\t\t<span class=\"elementor-grid-item\" role=\"listitem\">\n\t\t\t\t\t<a class=\"elementor-icon elementor-social-icon elementor-social-icon-instagram elementor-repeater-item-467570f\" href=\"https:\/\/www.instagram.com\/iestiprojetos\/\" target=\"_blank\">\n\t\t\t\t\t\t<span class=\"elementor-screen-only\">Instagram<\/span>\n\t\t\t\t\t\t<i class=\"fab fa-instagram\"><\/i>\t\t\t\t\t<\/a>\n\t\t\t\t<\/span>\n\t\t\t\t\t<\/div>\n\t\t\t\t\t\t<\/div>\n\t\t\t\t<\/div>\n\t\t\t\t<div class=\"elementor-element elementor-element-ed77a56 elementor-button-align-start elementor-tablet-button-align-center elementor-widget elementor-widget-form\" data-id=\"ed77a56\" data-element_type=\"widget\" data-settings=\"{&quot;step_next_label&quot;:&quot;Next&quot;,&quot;step_previous_label&quot;:&quot;Previous&quot;,&quot;button_width&quot;:&quot;100&quot;,&quot;step_type&quot;:&quot;number_text&quot;,&quot;step_icon_shape&quot;:&quot;circle&quot;}\" data-widget_type=\"form.default\">\n\t\t\t\t<div class=\"elementor-widget-container\">\n\t\t\t\t\t\t\t<form class=\"elementor-form\" method=\"post\" name=\"Contact Form\">\n\t\t\t<input type=\"hidden\" name=\"post_id\" value=\"243\"\/>\n\t\t\t<input type=\"hidden\" name=\"form_id\" value=\"ed77a56\"\/>\n\t\t\t<input type=\"hidden\" name=\"referer_title\" value=\"\" \/>\n\n\t\t\t\n\t\t\t<div class=\"elementor-form-fields-wrapper elementor-labels-\">\n\t\t\t\t\t\t\t\t<div class=\"elementor-field-type-text elementor-field-group elementor-column elementor-field-group-name elementor-col-50 elementor-field-required\">\n\t\t\t\t\t\t\t\t\t\t\t\t<label for=\"form-field-name\" class=\"elementor-field-label elementor-screen-only\">\n\t\t\t\t\t\t\t\tSeu nome\t\t\t\t\t\t\t<\/label>\n\t\t\t\t\t\t\t\t\t\t\t\t\t\t<input size=\"1\" type=\"text\" name=\"form_fields[name]\" id=\"form-field-name\" class=\"elementor-field elementor-size-sm  elementor-field-textual\" placeholder=\"Seu nome*\" required=\"required\" aria-required=\"true\">\n\t\t\t\t\t\t\t\t\t\t\t<\/div>\n\t\t\t\t\t\t\t\t<div class=\"elementor-field-type-text elementor-field-group elementor-column elementor-field-group-field_b743cd7 elementor-col-50 elementor-field-required\">\n\t\t\t\t\t\t\t\t\t\t\t\t<label for=\"form-field-field_b743cd7\" class=\"elementor-field-label elementor-screen-only\">\n\t\t\t\t\t\t\t\tLast Name\t\t\t\t\t\t\t<\/label>\n\t\t\t\t\t\t\t\t\t\t\t\t\t\t<input size=\"1\" type=\"text\" name=\"form_fields[field_b743cd7]\" id=\"form-field-field_b743cd7\" class=\"elementor-field elementor-size-sm  elementor-field-textual\" placeholder=\"Sobrenome*\" required=\"required\" aria-required=\"true\">\n\t\t\t\t\t\t\t\t\t\t\t<\/div>\n\t\t\t\t\t\t\t\t<div class=\"elementor-field-type-tel elementor-field-group elementor-column elementor-field-group-field_6c180a9 elementor-col-50 elementor-field-required\">\n\t\t\t\t\t\t\t\t\t\t\t\t<label for=\"form-field-field_6c180a9\" class=\"elementor-field-label elementor-screen-only\">\n\t\t\t\t\t\t\t\tPhone Number\t\t\t\t\t\t\t<\/label>\n\t\t\t\t\t\t\t\t<input size=\"1\" type=\"tel\" name=\"form_fields[field_6c180a9]\" id=\"form-field-field_6c180a9\" class=\"elementor-field elementor-size-sm  elementor-field-textual\" placeholder=\"N\u00famero de contato*\" required=\"required\" aria-required=\"true\" pattern=\"[0-9()#&amp;+*-=.]+\" title=\"Only numbers and phone characters (#, -, *, etc) are accepted.\">\n\n\t\t\t\t\t\t<\/div>\n\t\t\t\t\t\t\t\t<div class=\"elementor-field-type-email elementor-field-group elementor-column elementor-field-group-email elementor-col-50 elementor-field-required\">\n\t\t\t\t\t\t\t\t\t\t\t\t<label for=\"form-field-email\" class=\"elementor-field-label elementor-screen-only\">\n\t\t\t\t\t\t\t\tEmail\t\t\t\t\t\t\t<\/label>\n\t\t\t\t\t\t\t\t\t\t\t\t\t\t<input size=\"1\" type=\"email\" name=\"form_fields[email]\" id=\"form-field-email\" class=\"elementor-field elementor-size-sm  elementor-field-textual\" placeholder=\"Email*\" required=\"required\" aria-required=\"true\">\n\t\t\t\t\t\t\t\t\t\t\t<\/div>\n\t\t\t\t\t\t\t\t<div class=\"elementor-field-type-textarea elementor-field-group elementor-column elementor-field-group-message elementor-col-100\">\n\t\t\t\t\t\t\t\t\t\t\t\t<label for=\"form-field-message\" class=\"elementor-field-label elementor-screen-only\">\n\t\t\t\t\t\t\t\tMessage\t\t\t\t\t\t\t<\/label>\n\t\t\t\t\t\t<textarea class=\"elementor-field-textual elementor-field  elementor-size-sm\" name=\"form_fields[message]\" id=\"form-field-message\" rows=\"4\" placeholder=\"Mensagem\"><\/textarea>\t\t\t\t<\/div>\n\t\t\t\t\t\t\t\t<div class=\"elementor-field-group elementor-column elementor-field-type-submit elementor-col-100 e-form__buttons\">\n\t\t\t\t\t<button class=\"elementor-button elementor-size-sm\" type=\"submit\">\n\t\t\t\t\t\t<span class=\"elementor-button-content-wrapper\">\n\t\t\t\t\t\t\t\t\t\t\t\t\t\t\t\t\t\t\t\t\t\t<span class=\"elementor-button-text\">enviar<\/span>\n\t\t\t\t\t\t\t\t\t\t\t\t\t<\/span>\n\t\t\t\t\t<\/button>\n\t\t\t\t<\/div>\n\t\t\t<\/div>\n\t\t<\/form>\n\t\t\t\t\t\t<\/div>\n\t\t\t\t<\/div>\n\t\t\t\t<\/div>\n\t\t\t\t<\/div>\n\t\t<footer class=\"elementor-element elementor-element-b38d238 e-con-full e-flex wpr-particle-no wpr-jarallax-no wpr-parallax-no wpr-sticky-section-no e-con e-parent\" data-id=\"b38d238\" data-element_type=\"container\" data-settings=\"{&quot;background_background&quot;:&quot;classic&quot;}\">\n\t\t<div class=\"elementor-element elementor-element-fc43e20 e-flex e-con-boxed wpr-particle-no wpr-jarallax-no wpr-parallax-no wpr-sticky-section-no e-con e-child\" data-id=\"fc43e20\" data-element_type=\"container\">\n\t\t\t\t\t<div class=\"e-con-inner\">\n\t\t\t\t<div class=\"elementor-element elementor-element-fc14a16 elementor-widget__width-initial elementor-widget-tablet__width-initial elementor-hidden-tablet elementor-hidden-mobile elementor-widget elementor-widget-image\" data-id=\"fc14a16\" data-element_type=\"widget\" data-widget_type=\"image.default\">\n\t\t\t\t<div class=\"elementor-widget-container\">\n\t\t\t\t\t\t\t\t\t\t\t\t\t\t\t<img decoding=\"async\" width=\"4000\" height=\"2250\" src=\"https:\/\/iesti.com.br\/wp-content\/uploads\/2023\/08\/Untitled-design-6-2.png\" class=\"attachment-full size-full wp-image-512\" alt=\"\" srcset=\"https:\/\/iesti.com.br\/wp-content\/uploads\/2023\/08\/Untitled-design-6-2.png 4000w, https:\/\/iesti.com.br\/wp-content\/uploads\/2023\/08\/Untitled-design-6-2-300x169.png 300w, https:\/\/iesti.com.br\/wp-content\/uploads\/2023\/08\/Untitled-design-6-2-1024x576.png 1024w, https:\/\/iesti.com.br\/wp-content\/uploads\/2023\/08\/Untitled-design-6-2-768x432.png 768w, https:\/\/iesti.com.br\/wp-content\/uploads\/2023\/08\/Untitled-design-6-2-1536x864.png 1536w, https:\/\/iesti.com.br\/wp-content\/uploads\/2023\/08\/Untitled-design-6-2-2048x1152.png 2048w, https:\/\/iesti.com.br\/wp-content\/uploads\/2023\/08\/Untitled-design-6-2-1320x743.png 1320w\" sizes=\"(max-width: 4000px) 100vw, 4000px\" \/>\t\t\t\t\t\t\t\t\t\t\t\t\t\t\t<\/div>\n\t\t\t\t<\/div>\n\t\t<div class=\"elementor-element elementor-element-50c8c2a e-con-full e-flex wpr-particle-no wpr-jarallax-no wpr-parallax-no wpr-sticky-section-no e-con e-child\" data-id=\"50c8c2a\" data-element_type=\"container\">\n\t\t\t\t<div class=\"elementor-element elementor-element-bfc7442 elementor-widget elementor-widget-heading\" data-id=\"bfc7442\" data-element_type=\"widget\" data-widget_type=\"heading.default\">\n\t\t\t\t<div class=\"elementor-widget-container\">\n\t\t\t\t\t<p class=\"elementor-heading-title elementor-size-default\"><span style=\"font-family: Roboto, sans-serif;font-size: 14px;font-style: normal;font-weight: 400;text-align: justify\">O&nbsp;<\/span><span style=\"font-family: Roboto, sans-serif;font-size: 14px;font-style: normal;font-weight: 300;text-align: justify\"><span style=\"font-weight: 600;font-size: 14px\">IESTI - Instituto de Estudos Sociais e Terapias Integrativas<\/span><\/span><span style=\"font-family: Roboto, sans-serif;font-size: 14px;font-style: normal;font-weight: 400;text-align: justify\">&nbsp;foi fundado em 2003 e desde ent\u00e3o busca atender finalidades como: inclus\u00e3o social, promo\u00e7\u00e3o \u00e0 cultura da paz, apoio \u00e0 constru\u00e7\u00e3o do desenvolvimento sustent\u00e1vel do pa\u00eds e do Maranh\u00e3o, est\u00edmulo \u00e0 valoriza\u00e7\u00e3o e preserva\u00e7\u00e3o da identidade cultural, incentivo \u00e0s pr\u00e1ticas esportivas, difus\u00e3o, aprendizado e acesso \u00e0s terapias integrativas.<\/span><\/p>\t\t\t\t<\/div>\n\t\t\t\t<\/div>\n\t\t\t\t<\/div>\n\t\t\t\t\t<\/div>\n\t\t\t\t<\/div>\n\t\t<div class=\"elementor-element elementor-element-fe2e222 e-flex e-con-boxed wpr-particle-no wpr-jarallax-no wpr-parallax-no wpr-sticky-section-no e-con e-child\" data-id=\"fe2e222\" data-element_type=\"container\">\n\t\t\t\t\t<div class=\"e-con-inner\">\n\t\t<div class=\"elementor-element elementor-element-a43d93c e-con-full e-flex wpr-particle-no wpr-jarallax-no wpr-parallax-no wpr-sticky-section-no e-con e-child\" data-id=\"a43d93c\" data-element_type=\"container\">\n\t\t\t\t<div class=\"elementor-element elementor-element-23869af elementor-widget elementor-widget-heading\" data-id=\"23869af\" data-element_type=\"widget\" data-widget_type=\"heading.default\">\n\t\t\t\t<div class=\"elementor-widget-container\">\n\t\t\t\t\t<p class=\"elementor-heading-title elementor-size-default\">\u00a9 2018  All rights Reserved. Design by Elementor<\/p>\t\t\t\t<\/div>\n\t\t\t\t<\/div>\n\t\t\t\t<\/div>\n\t\t<div class=\"elementor-element elementor-element-79fe31f e-con-full e-flex wpr-particle-no wpr-jarallax-no wpr-parallax-no wpr-sticky-section-no e-con e-child\" data-id=\"79fe31f\" data-element_type=\"container\">\n\t\t\t\t<div class=\"elementor-element elementor-element-7554765 e-grid-align-right e-grid-align-mobile-right elementor-shape-rounded elementor-grid-0 elementor-widget elementor-widget-social-icons\" data-id=\"7554765\" data-element_type=\"widget\" data-widget_type=\"social-icons.default\">\n\t\t\t\t<div class=\"elementor-widget-container\">\n\t\t\t\t\t\t\t<div class=\"elementor-social-icons-wrapper elementor-grid\" role=\"list\">\n\t\t\t\t\t\t\t<span class=\"elementor-grid-item\" role=\"listitem\">\n\t\t\t\t\t<a class=\"elementor-icon elementor-social-icon elementor-social-icon-facebook-f elementor-repeater-item-993ef04\" target=\"_blank\">\n\t\t\t\t\t\t<span class=\"elementor-screen-only\">Facebook-f<\/span>\n\t\t\t\t\t\t<i class=\"fab fa-facebook-f\"><\/i>\t\t\t\t\t<\/a>\n\t\t\t\t<\/span>\n\t\t\t\t\t\t\t<span class=\"elementor-grid-item\" role=\"listitem\">\n\t\t\t\t\t<a class=\"elementor-icon elementor-social-icon elementor-social-icon-whatsapp elementor-repeater-item-a1c64d4\" target=\"_blank\">\n\t\t\t\t\t\t<span class=\"elementor-screen-only\">Whatsapp<\/span>\n\t\t\t\t\t\t<i class=\"fab fa-whatsapp\"><\/i>\t\t\t\t\t<\/a>\n\t\t\t\t<\/span>\n\t\t\t\t\t\t\t<span class=\"elementor-grid-item\" role=\"listitem\">\n\t\t\t\t\t<a class=\"elementor-icon elementor-social-icon elementor-social-icon-instagram elementor-repeater-item-f4f16ac\" target=\"_blank\">\n\t\t\t\t\t\t<span class=\"elementor-screen-only\">Instagram<\/span>\n\t\t\t\t\t\t<i class=\"fab fa-instagram\"><\/i>\t\t\t\t\t<\/a>\n\t\t\t\t<\/span>\n\t\t\t\t\t<\/div>\n\t\t\t\t\t\t<\/div>\n\t\t\t\t<\/div>\n\t\t\t\t<\/div>\n\t\t\t\t\t<\/div>\n\t\t\t\t<\/div>\n\t\t\t\t<\/footer>\n\t\t\t\t<\/div>\n\t\t","protected":false},"excerpt":{"rendered":"<p>Facebook-f Whatsapp Instagram Fale conosco Facebook-f Whatsapp Instagram O&nbsp;IESTI &#8211; Instituto de Estudos Sociais e Terapias Integrativas&nbsp;foi fundado em 2003 e desde ent\u00e3o busca atender finalidades como: inclus\u00e3o social, promo\u00e7\u00e3o \u00e0 cultura da paz, apoio \u00e0 constru\u00e7\u00e3o do desenvolvimento sustent\u00e1vel do pa\u00eds e do Maranh\u00e3o, est\u00edmulo \u00e0 valoriza\u00e7\u00e3o e preserva\u00e7\u00e3o da identidade cultural, incentivo \u00e0s pr\u00e1ticas esportivas, difus\u00e3o, aprendizado e acesso \u00e0s terapias integrativas. \u00a9 2018 All rights Reserved. Design by Elementor Facebook-f Whatsapp Instagram<\/p>\n","protected":false},"author":1,"featured_media":0,"parent":0,"menu_order":0,"comment_status":"closed","ping_status":"closed","template":"elementor_canvas","meta":{"_monsterinsights_skip_tracking":false,"_monsterinsights_sitenote_active":false,"_monsterinsights_sitenote_note":"","_monsterinsights_sitenote_category":0,"ngg_post_thumbnail":0,"ocean_post_layout":"","ocean_both_sidebars_style":"","ocean_both_sidebars_content_width":0,"ocean_both_sidebars_sidebars_width":0,"ocean_sidebar":"","ocean_second_sidebar":"","ocean_disable_margins":"enable","ocean_add_body_class":"","ocean_shortcode_before_top_bar":"","ocean_shortcode_after_top_bar":"","ocean_shortcode_before_header":"","ocean_shortcode_after_header":"","ocean_has_shortcode":"","ocean_shortcode_after_title":"","ocean_shortcode_before_footer_widgets":"","ocean_shortcode_after_footer_widgets":"","ocean_shortcode_before_footer_bottom":"","ocean_shortcode_after_footer_bottom":"","ocean_display_top_bar":"default","ocean_display_header":"default","ocean_header_style":"","ocean_center_header_left_menu":"","ocean_custom_header_template":"","ocean_custom_logo":0,"ocean_custom_retina_logo":0,"ocean_custom_logo_max_width":0,"ocean_custom_logo_tablet_max_width":0,"ocean_custom_logo_mobile_max_width":0,"ocean_custom_logo_max_height":0,"ocean_custom_logo_tablet_max_height":0,"ocean_custom_logo_mobile_max_height":0,"ocean_header_custom_menu":"","ocean_menu_typo_font_family":"","ocean_menu_typo_font_subset":"","ocean_menu_typo_font_size":0,"ocean_menu_typo_font_size_tablet":0,"ocean_menu_typo_font_size_mobile":0,"ocean_menu_typo_font_size_unit":"px","ocean_menu_typo_font_weight":"","ocean_menu_typo_font_weight_tablet":"","ocean_menu_typo_font_weight_mobile":"","ocean_menu_typo_transform":"","ocean_menu_typo_transform_tablet":"","ocean_menu_typo_transform_mobile":"","ocean_menu_typo_line_height":0,"ocean_menu_typo_line_height_tablet":0,"ocean_menu_typo_line_height_mobile":0,"ocean_menu_typo_line_height_unit":"","ocean_menu_typo_spacing":0,"ocean_menu_typo_spacing_tablet":0,"ocean_menu_typo_spacing_mobile":0,"ocean_menu_typo_spacing_unit":"","ocean_menu_link_color":"","ocean_menu_link_color_hover":"","ocean_menu_link_color_active":"","ocean_menu_link_background":"","ocean_menu_link_hover_background":"","ocean_menu_link_active_background":"","ocean_menu_social_links_bg":"","ocean_menu_social_hover_links_bg":"","ocean_menu_social_links_color":"","ocean_menu_social_hover_links_color":"","ocean_disable_title":"default","ocean_disable_heading":"default","ocean_post_title":"","ocean_post_subheading":"","ocean_post_title_style":"","ocean_post_title_background_color":"","ocean_post_title_background":0,"ocean_post_title_bg_image_position":"","ocean_post_title_bg_image_attachment":"","ocean_post_title_bg_image_repeat":"","ocean_post_title_bg_image_size":"","ocean_post_title_height":0,"ocean_post_title_bg_overlay":0.5,"ocean_post_title_bg_overlay_color":"","ocean_disable_breadcrumbs":"default","ocean_breadcrumbs_color":"","ocean_breadcrumbs_separator_color":"","ocean_breadcrumbs_links_color":"","ocean_breadcrumbs_links_hover_color":"","ocean_display_footer_widgets":"default","ocean_display_footer_bottom":"default","ocean_custom_footer_template":"","footnotes":""},"_links":{"self":[{"href":"https:\/\/iesti.com.br\/home\/wp-json\/wp\/v2\/pages\/243"}],"collection":[{"href":"https:\/\/iesti.com.br\/home\/wp-json\/wp\/v2\/pages"}],"about":[{"href":"https:\/\/iesti.com.br\/home\/wp-json\/wp\/v2\/types\/page"}],"author":[{"embeddable":true,"href":"https:\/\/iesti.com.br\/home\/wp-json\/wp\/v2\/users\/1"}],"replies":[{"embeddable":true,"href":"https:\/\/iesti.com.br\/home\/wp-json\/wp\/v2\/comments?post=243"}],"version-history":[{"count":36,"href":"https:\/\/iesti.com.br\/home\/wp-json\/wp\/v2\/pages\/243\/revisions"}],"predecessor-version":[{"id":1680,"href":"https:\/\/iesti.com.br\/home\/wp-json\/wp\/v2\/pages\/243\/revisions\/1680"}],"wp:attachment":[{"href":"https:\/\/iesti.com.br\/home\/wp-json\/wp\/v2\/media?parent=243"}],"curies":[{"name":"wp","href":"https:\/\/api.w.org\/{rel}","templated":true}]}}